

{"id":565,"date":"2023-04-12T20:00:41","date_gmt":"2023-04-12T20:00:41","guid":{"rendered":"https:\/\/rumboalcielo.org\/las-benditas-almas-del-purgatorio\/?page_id=565"},"modified":"2024-05-20T21:11:22","modified_gmt":"2024-05-20T21:11:22","slug":"oraciones","status":"publish","type":"page","link":"https:\/\/rumboalcielo.org\/las-benditas-almas-del-purgatorio\/oraciones\/","title":{"rendered":"Oremos"},"content":{"rendered":"\n<hr class=\"wp-block-separator has-alpha-channel-opacity\"\/>\n\n\n\n<div style=\"height:45px\" aria-hidden=\"true\" class=\"wp-block-spacer\"><\/div>\n\n\n\n<h2 class=\"wp-block-heading\"><strong>La Oracion: una relaci\u00f3n con Dios el Padre, a trav\u00e9s de su Hijo, y en el Esp\u00edritu Santo.<\/strong><\/h2>\n\n\n\n<p>Dios nos invita a entrar en una relaci\u00f3n con \u00c9l que es a la vez personal y se vive en comunidad. \u00c9l nos habla a trav\u00e9s de su hijo, Jesucristo, la Palabra-hecha-carne. La oraci\u00f3n es nuestra respuesta a Dios quien nos habla o, mejor a\u00fan, se revela \u00c9l mismo a nosotros. Por lo tanto, la oraci\u00f3n no es simplemente un intercambio de palabras, sino que involucra al ser de toda la persona en una relaci\u00f3n con Dios el Padre, a trav\u00e9s de su Hijo, y en el Esp\u00edritu Santo.<sup><a href=\"https:\/\/rumboalcielo.org\/las-benditas-almas-del-purgatorio\/oraciones\/#ref\">[1]<\/a><\/sup> <\/p>\n\n\n\n<div style=\"height:45px\" aria-hidden=\"true\" class=\"wp-block-spacer\"><\/div>\n\n\n\n<h3 class=\"wp-block-heading\" id=\"ref\">Referencias<\/h3>\n\n\n\n<hr class=\"wp-block-separator has-alpha-channel-opacity\"\/>\n\n\n\n<ol class=\"wp-block-list\">\n<li>^ <a href=\"https:\/\/www.vatican.va\/archive\/catechism_sp\/p4s1_sp.html\">Catecismo de la Iglesia Cat\u00f3lica #2558<\/a><br>\u201cEste es el misterio de la fe\u201d. La Iglesia lo profesa en el S\u00edmbolo de los Ap\u00f3stoles (primera parte) y lo celebra en la Liturgia sacramental (segunda parte), para que la vida de los fieles se conforme con Cristo en el Esp\u00edritu Santo para gloria de Dios Padre (tercera parte). Por tanto, este misterio exige que los fieles crean en \u00e9l, lo celebren y vivan de \u00e9l en una relaci\u00f3n viviente y personal con Dios vivo y verdadero. Esta relaci\u00f3n es la oraci\u00f3n.<\/li>\n<\/ol>\n\n\n\n<p class=\"has-text-align-center\"><strong>\u00bfQU\u00c9 ES LA ORACI\u00d3N?<\/strong><\/p>\n\n\n\n<p class=\"has-text-align-center\"><em>\u00abPara m\u00ed, la oraci\u00f3n es un impulso del coraz\u00f3n, una sencilla mirada lanzada hacia el cielo, un grito de reconocimiento y de amor tanto desde dentro de la prueba como en la alegr\u00eda (Santa Teresa del Ni\u00f1o Jes\u00fas, Manuscrit C, 25r: Manuscrists autohiographiques [Paris 1992] p. 389-390).<\/em><\/p>\n\n\n\n<div style=\"height:45px\" aria-hidden=\"true\" class=\"wp-block-spacer\"><\/div>\n","protected":false},"excerpt":{"rendered":"<p>La Oracion: una relaci\u00f3n con Dios el Padre, a trav\u00e9s de su Hijo, y en el Esp\u00edritu Santo. Dios nos invita a entrar en una relaci\u00f3n con \u00c9l que es&#8230;<\/p>\n","protected":false},"author":2,"featured_media":262,"parent":0,"menu_order":0,"comment_status":"closed","ping_status":"closed","template":"","meta":{"_uag_custom_page_level_css":"","ub_ctt_via":"","_monsterinsights_skip_tracking":false,"_monsterinsights_sitenote_active":false,"_monsterinsights_sitenote_note":"","_monsterinsights_sitenote_category":0,"_EventAllDay":false,"_EventTimezone":"","_EventStartDate":"","_EventEndDate":"","_EventStartDateUTC":"","_EventEndDateUTC":"","_EventShowMap":false,"_EventShowMapLink":false,"_EventURL":"","_EventCost":"","_EventCostDescription":"","_EventCurrencySymbol":"","_EventCurrencyCode":"","_EventCurrencyPosition":"","_EventDateTimeSeparator":"","_EventTimeRangeSeparator":"","_EventOrganizerID":[],"_EventVenueID":[],"_OrganizerEmail":"","_OrganizerPhone":"","_OrganizerWebsite":"","_VenueAddress":"","_VenueCity":"","_VenueCountry":"","_VenueProvince":"","_VenueState":"","_VenueZip":"","_VenuePhone":"","_VenueURL":"","_VenueStateProvince":"","_VenueLat":"","_VenueLng":"","_VenueShowMap":false,"_VenueShowMapLink":false,"footnotes":""},"categories":[],"tags":[],"class_list":["post-565","page","type-page","status-publish","has-post-thumbnail","hentry"],"featured_image_src":"https:\/\/rumboalcielo.org\/las-benditas-almas-del-purgatorio\/wp-content\/uploads\/2023\/03\/la-oracion-bw-1.jpg","yoast_head":"<!-- This site is optimized with the Yoast SEO plugin v23.8 - https:\/\/yoast.com\/wordpress\/plugins\/seo\/ -->\n<title>Oremos - RUMBO AL CIELO<\/title>\n<meta name=\"robots\" content=\"index, follow, max-snippet:-1, max-image-preview:large, max-video-preview:-1\" \/>\n<link rel=\"canonical\" href=\"https:\/\/rumboalcielo.org\/las-benditas-almas-del-purgatorio\/oraciones\/\" \/>\n<meta property=\"og:locale\" content=\"es_ES\" \/>\n<meta property=\"og:type\" content=\"article\" \/>\n<meta property=\"og:title\" content=\"Oremos - RUMBO AL CIELO\" \/>\n<meta property=\"og:description\" content=\"La Oracion: una relaci\u00f3n con Dios el Padre, a trav\u00e9s de su Hijo, y en el Esp\u00edritu Santo. Dios nos invita a entrar en una relaci\u00f3n con \u00c9l que es...\" \/>\n<meta property=\"og:url\" content=\"https:\/\/rumboalcielo.org\/las-benditas-almas-del-purgatorio\/oraciones\/\" \/>\n<meta property=\"og:site_name\" content=\"RUMBO AL CIELO\" \/>\n<meta property=\"article:modified_time\" content=\"2024-05-20T21:11:22+00:00\" \/>\n<meta property=\"og:image\" content=\"https:\/\/rumboalcielo.org\/las-benditas-almas-del-purgatorio\/wp-content\/uploads\/2023\/03\/la-oracion-bw-1.jpg\" \/>\n\t<meta property=\"og:image:width\" content=\"953\" \/>\n\t<meta property=\"og:image:height\" content=\"521\" \/>\n\t<meta property=\"og:image:type\" content=\"image\/jpeg\" \/>\n<meta name=\"twitter:card\" content=\"summary_large_image\" \/>\n<meta name=\"twitter:label1\" content=\"Tiempo de lectura\" \/>\n\t<meta name=\"twitter:data1\" content=\"1 minuto\" \/>\n<script type=\"application\/ld+json\" class=\"yoast-schema-graph\">{\"@context\":\"https:\/\/schema.org\",\"@graph\":[{\"@type\":\"WebPage\",\"@id\":\"https:\/\/rumboalcielo.org\/las-benditas-almas-del-purgatorio\/oraciones\/\",\"url\":\"https:\/\/rumboalcielo.org\/las-benditas-almas-del-purgatorio\/oraciones\/\",\"name\":\"Oremos - RUMBO AL CIELO\",\"isPartOf\":{\"@id\":\"https:\/\/rumboalcielo.org\/las-benditas-almas-del-purgatorio\/#website\"},\"primaryImageOfPage\":{\"@id\":\"https:\/\/rumboalcielo.org\/las-benditas-almas-del-purgatorio\/oraciones\/#primaryimage\"},\"image\":{\"@id\":\"https:\/\/rumboalcielo.org\/las-benditas-almas-del-purgatorio\/oraciones\/#primaryimage\"},\"thumbnailUrl\":\"https:\/\/rumboalcielo.org\/las-benditas-almas-del-purgatorio\/wp-content\/uploads\/2023\/03\/la-oracion-bw-1.jpg\",\"datePublished\":\"2023-04-12T20:00:41+00:00\",\"dateModified\":\"2024-05-20T21:11:22+00:00\",\"inLanguage\":\"es\",\"potentialAction\":[{\"@type\":\"ReadAction\",\"target\":[\"https:\/\/rumboalcielo.org\/las-benditas-almas-del-purgatorio\/oraciones\/\"]}]},{\"@type\":\"ImageObject\",\"inLanguage\":\"es\",\"@id\":\"https:\/\/rumboalcielo.org\/las-benditas-almas-del-purgatorio\/oraciones\/#primaryimage\",\"url\":\"https:\/\/rumboalcielo.org\/las-benditas-almas-del-purgatorio\/wp-content\/uploads\/2023\/03\/la-oracion-bw-1.jpg\",\"contentUrl\":\"https:\/\/rumboalcielo.org\/las-benditas-almas-del-purgatorio\/wp-content\/uploads\/2023\/03\/la-oracion-bw-1.jpg\",\"width\":953,\"height\":521},{\"@type\":\"WebSite\",\"@id\":\"https:\/\/rumboalcielo.org\/las-benditas-almas-del-purgatorio\/#website\",\"url\":\"https:\/\/rumboalcielo.org\/las-benditas-almas-del-purgatorio\/\",\"name\":\"RUMBO AL CIELO\",\"description\":\"LAS BENDITAS ALMAS DEL PURGATORIO\",\"potentialAction\":[{\"@type\":\"SearchAction\",\"target\":{\"@type\":\"EntryPoint\",\"urlTemplate\":\"https:\/\/rumboalcielo.org\/las-benditas-almas-del-purgatorio\/?s={search_term_string}\"},\"query-input\":{\"@type\":\"PropertyValueSpecification\",\"valueRequired\":true,\"valueName\":\"search_term_string\"}}],\"inLanguage\":\"es\"}]}<\/script>\n<!-- \/ Yoast SEO plugin. -->","yoast_head_json":{"title":"Oremos - RUMBO AL CIELO","robots":{"index":"index","follow":"follow","max-snippet":"max-snippet:-1","max-image-preview":"max-image-preview:large","max-video-preview":"max-video-preview:-1"},"canonical":"https:\/\/rumboalcielo.org\/las-benditas-almas-del-purgatorio\/oraciones\/","og_locale":"es_ES","og_type":"article","og_title":"Oremos - RUMBO AL CIELO","og_description":"La Oracion: una relaci\u00f3n con Dios el Padre, a trav\u00e9s de su Hijo, y en el Esp\u00edritu Santo. Dios nos invita a entrar en una relaci\u00f3n con \u00c9l que es...","og_url":"https:\/\/rumboalcielo.org\/las-benditas-almas-del-purgatorio\/oraciones\/","og_site_name":"RUMBO AL CIELO","article_modified_time":"2024-05-20T21:11:22+00:00","og_image":[{"width":953,"height":521,"url":"https:\/\/rumboalcielo.org\/las-benditas-almas-del-purgatorio\/wp-content\/uploads\/2023\/03\/la-oracion-bw-1.jpg","type":"image\/jpeg"}],"twitter_card":"summary_large_image","twitter_misc":{"Tiempo de lectura":"1 minuto"},"schema":{"@context":"https:\/\/schema.org","@graph":[{"@type":"WebPage","@id":"https:\/\/rumboalcielo.org\/las-benditas-almas-del-purgatorio\/oraciones\/","url":"https:\/\/rumboalcielo.org\/las-benditas-almas-del-purgatorio\/oraciones\/","name":"Oremos - RUMBO AL CIELO","isPartOf":{"@id":"https:\/\/rumboalcielo.org\/las-benditas-almas-del-purgatorio\/#website"},"primaryImageOfPage":{"@id":"https:\/\/rumboalcielo.org\/las-benditas-almas-del-purgatorio\/oraciones\/#primaryimage"},"image":{"@id":"https:\/\/rumboalcielo.org\/las-benditas-almas-del-purgatorio\/oraciones\/#primaryimage"},"thumbnailUrl":"https:\/\/rumboalcielo.org\/las-benditas-almas-del-purgatorio\/wp-content\/uploads\/2023\/03\/la-oracion-bw-1.jpg","datePublished":"2023-04-12T20:00:41+00:00","dateModified":"2024-05-20T21:11:22+00:00","inLanguage":"es","potentialAction":[{"@type":"ReadAction","target":["https:\/\/rumboalcielo.org\/las-benditas-almas-del-purgatorio\/oraciones\/"]}]},{"@type":"ImageObject","inLanguage":"es","@id":"https:\/\/rumboalcielo.org\/las-benditas-almas-del-purgatorio\/oraciones\/#primaryimage","url":"https:\/\/rumboalcielo.org\/las-benditas-almas-del-purgatorio\/wp-content\/uploads\/2023\/03\/la-oracion-bw-1.jpg","contentUrl":"https:\/\/rumboalcielo.org\/las-benditas-almas-del-purgatorio\/wp-content\/uploads\/2023\/03\/la-oracion-bw-1.jpg","width":953,"height":521},{"@type":"WebSite","@id":"https:\/\/rumboalcielo.org\/las-benditas-almas-del-purgatorio\/#website","url":"https:\/\/rumboalcielo.org\/las-benditas-almas-del-purgatorio\/","name":"RUMBO AL CIELO","description":"LAS BENDITAS ALMAS DEL PURGATORIO","potentialAction":[{"@type":"SearchAction","target":{"@type":"EntryPoint","urlTemplate":"https:\/\/rumboalcielo.org\/las-benditas-almas-del-purgatorio\/?s={search_term_string}"},"query-input":{"@type":"PropertyValueSpecification","valueRequired":true,"valueName":"search_term_string"}}],"inLanguage":"es"}]}},"uagb_featured_image_src":{"full":["https:\/\/rumboalcielo.org\/las-benditas-almas-del-purgatorio\/wp-content\/uploads\/2023\/03\/la-oracion-bw-1.jpg",953,521,false],"thumbnail":["https:\/\/rumboalcielo.org\/las-benditas-almas-del-purgatorio\/wp-content\/uploads\/2023\/03\/la-oracion-bw-1-150x150.jpg",150,150,true],"medium":["https:\/\/rumboalcielo.org\/las-benditas-almas-del-purgatorio\/wp-content\/uploads\/2023\/03\/la-oracion-bw-1-300x164.jpg",300,164,true],"medium_large":["https:\/\/rumboalcielo.org\/las-benditas-almas-del-purgatorio\/wp-content\/uploads\/2023\/03\/la-oracion-bw-1-768x420.jpg",640,350,true],"large":["https:\/\/rumboalcielo.org\/las-benditas-almas-del-purgatorio\/wp-content\/uploads\/2023\/03\/la-oracion-bw-1.jpg",640,350,false],"1536x1536":["https:\/\/rumboalcielo.org\/las-benditas-almas-del-purgatorio\/wp-content\/uploads\/2023\/03\/la-oracion-bw-1.jpg",953,521,false],"2048x2048":["https:\/\/rumboalcielo.org\/las-benditas-almas-del-purgatorio\/wp-content\/uploads\/2023\/03\/la-oracion-bw-1.jpg",953,521,false],"post-thumbnail":["https:\/\/rumboalcielo.org\/las-benditas-almas-del-purgatorio\/wp-content\/uploads\/2023\/03\/la-oracion-bw-1-300x164.jpg",300,164,true],"minimalistblogger-grid":["https:\/\/rumboalcielo.org\/las-benditas-almas-del-purgatorio\/wp-content\/uploads\/2023\/03\/la-oracion-bw-1-350x230.jpg",350,230,true],"minimalistblogger-slider":["https:\/\/rumboalcielo.org\/las-benditas-almas-del-purgatorio\/wp-content\/uploads\/2023\/03\/la-oracion-bw-1-850x465.jpg",850,465,true],"minimalistblogger-small":["https:\/\/rumboalcielo.org\/las-benditas-almas-del-purgatorio\/wp-content\/uploads\/2023\/03\/la-oracion-bw-1-300x180.jpg",300,180,true]},"uagb_author_info":{"display_name":"Josue","author_link":"https:\/\/rumboalcielo.org\/las-benditas-almas-del-purgatorio\/author\/josuelinked\/"},"uagb_comment_info":0,"uagb_excerpt":"La Oracion: una relaci\u00f3n con Dios el Padre, a trav\u00e9s de su Hijo, y en el Esp\u00edritu Santo. Dios nos invita a entrar en una relaci\u00f3n con \u00c9l que es...","_links":{"self":[{"href":"https:\/\/rumboalcielo.org\/las-benditas-almas-del-purgatorio\/wp-json\/wp\/v2\/pages\/565","targetHints":{"allow":["GET"]}}],"collection":[{"href":"https:\/\/rumboalcielo.org\/las-benditas-almas-del-purgatorio\/wp-json\/wp\/v2\/pages"}],"about":[{"href":"https:\/\/rumboalcielo.org\/las-benditas-almas-del-purgatorio\/wp-json\/wp\/v2\/types\/page"}],"author":[{"embeddable":true,"href":"https:\/\/rumboalcielo.org\/las-benditas-almas-del-purgatorio\/wp-json\/wp\/v2\/users\/2"}],"replies":[{"embeddable":true,"href":"https:\/\/rumboalcielo.org\/las-benditas-almas-del-purgatorio\/wp-json\/wp\/v2\/comments?post=565"}],"version-history":[{"count":42,"href":"https:\/\/rumboalcielo.org\/las-benditas-almas-del-purgatorio\/wp-json\/wp\/v2\/pages\/565\/revisions"}],"predecessor-version":[{"id":3783,"href":"https:\/\/rumboalcielo.org\/las-benditas-almas-del-purgatorio\/wp-json\/wp\/v2\/pages\/565\/revisions\/3783"}],"wp:featuredmedia":[{"embeddable":true,"href":"https:\/\/rumboalcielo.org\/las-benditas-almas-del-purgatorio\/wp-json\/wp\/v2\/media\/262"}],"wp:attachment":[{"href":"https:\/\/rumboalcielo.org\/las-benditas-almas-del-purgatorio\/wp-json\/wp\/v2\/media?parent=565"}],"wp:term":[{"taxonomy":"category","embeddable":true,"href":"https:\/\/rumboalcielo.org\/las-benditas-almas-del-purgatorio\/wp-json\/wp\/v2\/categories?post=565"},{"taxonomy":"post_tag","embeddable":true,"href":"https:\/\/rumboalcielo.org\/las-benditas-almas-del-purgatorio\/wp-json\/wp\/v2\/tags?post=565"}],"curies":[{"name":"wp","href":"https:\/\/api.w.org\/{rel}","templated":true}]}}